{"id":111,"date":"2010-05-05T22:03:39","date_gmt":"2010-05-05T22:03:39","guid":{"rendered":"http:\/\/imediata.org\/?page_id=111"},"modified":"2013-12-10T09:58:33","modified_gmt":"2013-12-10T09:58:33","slug":"grecia-se-levanta","status":"publish","type":"page","link":"https:\/\/imediata.org\/?page_id=111","title":{"rendered":"Gr\u00e9cia se levanta"},"content":{"rendered":"<p>GR\u00c9CIA SE LEVANTA<br \/>\n<img loading=\"lazy\" decoding=\"async\" class=\"aligncenter\" src=\"http:\/\/imediata.org\/imagens\/acropole.jpg\" alt=\"\" width=\"349\" height=\"400\" \/><\/p>\n<p><strong>PARA ACOMPANHAR OS DESDOBRAMENTOS:<\/strong><\/p>\n<p><a href=\"http:\/\/www.occupiedlondon.org\/blog\/\"><strong>AFTER THE GREEK RIOTS<\/strong><\/a><br \/>\n<a href=\"http:\/\/athens.indymedia.org\/?lang=en\"><strong>INDYMEDIA ATHENS<\/strong><\/a><br \/>\n<strong><a href=\"http:\/\/athens.indymedia.org\/front.php3?lang=el&amp;article_id=1165226\">FOTOS e V\u00cdDEOS INDYMEDIA ATHENS<\/a><\/strong><br \/>\n<strong><a href=\"http:\/\/greeceriots.blogspot.com\/\">SOCIAL WAR IN GREECE<\/a><\/strong><br \/>\n<strong><a href=\"http:\/\/libcom.org\/tags\/greece\">LIBCOM.ORG<\/a><\/strong><br \/>\n<strong><a href=\"http:\/\/actforfreedomnow.blogspot.com\/\">ACT FOR FREEDON NOW<\/a><\/strong><br \/>\n<strong><a href=\"http:\/\/thisisourjob.wordpress.com\/\">THIS IS OUR JOB<\/a><\/strong><br \/>\n<strong><a href=\"http:\/\/www.skai.gr\/player\/TV\/?MMID=112892\">TV GREGA<\/a><\/strong><br \/>\n<strong><a href=\"http:\/\/rebeldog.tumblr.com\/\">O C\u00c3O REBELDE<\/a><\/strong><\/p>\n<p><strong>TEXTOS E CONTEXTOS:<\/strong><\/p>\n<p>>>O<strong> Grotesco Sistema Financeiro Global: o caso da Gr\u00e9cia, por John Pilger<\/strong>, Global Research , May 20, 2010 \/ NewStatesman. Tradu\u00e7\u00e3o em portugu\u00eas aqui: <a href=\"http:\/\/imediata.org\/?p=255\">http:\/\/imediata.org\/?p=255<\/a><\/p>\n<p>>><strong>A a\u00e7\u00e3o de crime organizado contra a Gr\u00e9cia, por Hugo Harari-Kermadec e Catherine Samary<\/strong>(25\/05\/10), originalmente publicado em Informa\u00e7\u00e3o Alternativa\/Europe Solidaire Sans Fronti\u00e8res\/Tradu\u00e7\u00e3o- Esquerda.Net: <a href=\"http:\/\/www.cartamaior.com.br\/templates\/materiaMostrar.cfm?materia_id=16619\">http:\/\/www.cartamaior.com.br\/templates\/materiaMostrar.cfm?materia_id=16619<\/a><\/p>\n<p>>><strong>De la mala a la peor, por Juan Gelman<\/strong> (13\/05\/10), P\u00e1gina\/12: <a href=\"http:\/\/bit.ly\/dhWL3x\">http:\/\/bit.ly\/dhWL3x<\/a><\/p>\n<p>&gt;&gt;<strong>Qui veut d\u00e9truire la Gr\u00e8ce?, par M\u00edkis Theodor\u00e1kis:<\/strong> <a href=\"http:\/\/www.voltairenet.org\/article165288.html#auteur125054\">http:\/\/www.voltairenet.org\/article165288.html#auteur125054<\/a><\/p>\n<p>&gt;&gt;<strong>Gr\u00e9cia, come\u00e7a a trag\u00e9dia europ\u00e9ia, por Franco Berardi \u201cBifo\u201d<\/strong>: <a href=\"http:\/\/imediata.org\/?p=139\">http:\/\/imediata.org\/?p=139<\/a><\/p>\n<p>&gt;&gt;<strong>La Grecia in Lotta, di Dimitris Katsaganis<\/strong> (05-05-2010): <a href=\"http:\/\/ch.indymedia.org\/it\/2010\/05\/75501.shtml\">http:\/\/ch.indymedia.org\/it\/2010\/05\/75501.shtml<\/a><\/p>\n<p>&gt;&gt;<strong>Crisis: tragedia griega, Escrito Por Pablo Jato<\/strong> (30 de abril de 2010), Clarin Chile: <a href=\"http:\/\/elclarin.cl\/index.php?option=com_content&amp;task=view&amp;id=20964&amp;Itemid=6998\">http:\/\/elclarin.cl\/index.php?option=com_content&amp;task=view&amp;id=20964&amp;Itemid=6998<\/a><\/p>\n<p>&gt;&gt;<strong>Preguntas y respuestas sobre la &#8216;tragedia&#8217; griega; Las causas y principales cuestiones de una crisis que ha puesto en evidencia las limitaciones de una UE sin pol\u00edtica econ\u00f3mica com\u00fan frente a los especuladores, por \u00c1lvaro Romero<\/strong> (26\/04\/2010): <a href=\"http:\/\/bit.ly\/9ueNnP\">http:\/\/bit.ly\/9ueNnP<\/a><\/p>\n<p><object classid=\"clsid:d27cdb6e-ae6d-11cf-96b8-444553540000\" width=\"480\" height=\"385\" codebase=\"http:\/\/download.macromedia.com\/pub\/shockwave\/cabs\/flash\/swflash.cab#version=6,0,40,0\"><param name=\"allowFullScreen\" value=\"true\" \/><param name=\"allowscriptaccess\" value=\"always\" \/><param name=\"src\" value=\"http:\/\/www.youtube.com\/v\/KhdYQfHUsiw&amp;hl=en_US&amp;fs=1&amp;\" \/><param name=\"allowfullscreen\" value=\"true\" \/><embed type=\"application\/x-shockwave-flash\" width=\"480\" height=\"385\" src=\"http:\/\/www.youtube.com\/v\/KhdYQfHUsiw&amp;hl=en_US&amp;fs=1&amp;\" allowscriptaccess=\"always\" allowfullscreen=\"true\"><\/embed><\/object><\/p>\n<p><strong>ATUALIZA\u00c7\u00d5ES DA AG\u00caNCIA DE NOT\u00cdCIAS ANARQUISTA-ANA:<\/strong><\/p>\n<p>>>13\/05\/2010 \u00e0s 22:03 &#8211; <a href=\"http:\/\/www.midiaindependente.org\/pt\/blue\/2010\/05\/471429.shtml\">Manifestantes nas ruas de Atenas protestam contra o arrocho<\/a><br \/>\n&gt;&gt;08\/05\/2010 \u00e0s 19:00 &#8211;<a href=\"http:\/\/www.midiaindependente.org\/pt\/blue\/2010\/05\/471103.shtml\"> [Gr\u00e9cia] Podemos!<\/a><br \/>\n&gt;&gt;05\/05\/2010 &#8211; <a href=\"http:\/\/megustaeltango.blogspot.com\/2010\/05\/o-que-temos-dizer.html\">O que temos honestamente a dizer sobre os acontecimentos de Quarta?<\/a><br \/>\n&gt;&gt;05\/05\/2010 \u00e0s 21:27 &#8211; <a href=\"http:\/\/prod.midiaindependente.org\/pt\/blue\/2010\/05\/470957.shtml\">Carta de um funcion\u00e1rio do banco Marfin Eganatia Bank<\/a><br \/>\n&gt;&gt;05\/05\/2010 \u00e0s 22:49 &#8211; <a href=\"http:\/\/www.midiaindependente.org\/pt\/blue\/2010\/05\/470960.shtml\">Atenas, zona de guerra<\/a><br \/>\n&gt;&gt;<a href=\"http:\/\/pequenaameaca.blogspot.com\/2010\/05\/grecia-para-todas-as-pessoas-que-usam.html\">\u201cPara todas as pessoas que usam a morte de tr\u00eas seres humanos para dar vaz\u00e3o aos seus discursos de \u00f3dio contra anarquistas\u201d<\/a><\/p>\n<p><strong>C\u00c3ES LIBERT\u00c1RIOS GREGOS: KANELLOS (CANELA), LOUKANIKOS (Respeito, em grego), PAPITSA (que morreu no \u00faltimo dia 8 de maio, vide artigo abaixo): MASCOTES E S\u00cdMBOLOS DO LEVANTE GREGO<\/strong><\/p>\n<p>Loukanikos \u00e9 um c\u00e3o extremamente esperto, charmoso e cheio de gra\u00e7a. Seu porte altivo e eleg\u00e2ncia chamam a aten\u00e7\u00e3o. Seu olhar \u00e9 doce e fulminante. Ele transparece seguran\u00e7a e confian\u00e7a. N\u00e3o se assusta nem foge da luta, da repress\u00e3o fardada, dos gases lacrimog\u00eaneos, do fogo inimigo.  \u00c9 impressionante como por detr\u00e1s deste animal salta aos olhos uma imagem terna, de dignidade e rebeldia. Mais uma das tantas poesias an\u00e1rquicas gregas. Nos \u00faltimos dois anos ele foi visto em quase todas as manifesta\u00e7\u00f5es em Atenas, tanto nos protestos dos anarquistas como nos dos trabalhadores e estudantes. Presume-se que ele perten\u00e7a a um dos manifestantes. Mas \u00e9 um c\u00e3o livre. E novamente, l\u00e1 estava ele, firme, no meio da multid\u00e3o, do lado do povo grego, participando dos protestos contra as medidas de austeridade do governo grego, FMI e Uni\u00e3o Europ\u00e9ia <strong>(DA AG\u00caNCIA DE NOT\u00cdCIAS ANARQUISTA-ANA).<\/strong><\/p>\n<p>Na edi\u00e7\u00e3o da \u00faltima quinta-feira (6), o jornal ingl\u00eas The Guardian divulgou uma galeria de imagens deste cachorro, que j\u00e1 foi destaque em outras m\u00eddias.<\/p>\n<p>Aqui galeria de imagens do The Guardian:<br \/>\n<a href=\" http:\/\/www.guardian.co.uk\/world\/gallery\/2010\/may\/06\/greece-protest?picture=362290874 \"> http:\/\/www.guardian.co.uk\/world\/gallery\/2010\/may\/06\/greece-protest?picture=362290874 <\/a><br \/>\nAqui um blog com v\u00e1rias imagens do Loukanikos:<br \/>\n<a href=\"http:\/\/www.thisblogrules.com\/2010\/03\/dog-that-hasnt-missed-a-single-riot-for-years.html \">http:\/\/www.thisblogrules.com\/2010\/03\/dog-that-hasnt-missed-a-single-riot-for-years.html <\/a><br \/>\nAqui um blog que foi criado recentemente com imagens do Loukanikos:<br \/>\n<a href=\"http:\/\/rebeldog.tumblr.com\/  \">http:\/\/rebeldog.tumblr.com\/ <\/a><br \/>\nAqui um blog com muitas imagens, v\u00eddeos e hist\u00f3rias de c\u00e3es rebeldes gregos, principalmente do c\u00e3o Kanellos, dos \u201cBlacks Dogs\u201d:<br \/>\n<a href=\"http:\/\/kanelos.blogspot.com\/  \">http:\/\/kanelos.blogspot.com\/<\/a><\/p>\n<p><strong>Outros textos e imagens sobre os c\u00e3es ativistas:<\/strong><\/p>\n<p>&gt;&gt;<a href=\"http:\/\/www.midiaindependente.org\/pt\/blue\/2010\/05\/471220.shtml\" target=\"_blank\">C\u00e3o revolucion\u00e1rio vai a todas as manifesta\u00e7\u00f5es em Atenas<\/a><\/p>\n<p><img decoding=\"async\" src=\"http:\/\/imediata.org\/imagens\/canela1.jpg\" alt=\"null\" \/><\/p>\n<p><img decoding=\"async\" src=\"http:\/\/imediata.org\/imagens\/canela2.jpg\" alt=\"null\" \/><\/p>\n<p><strong>Kanellos:<\/strong> livre, vadio e misterioso que se faz linha de frente em todas as manifesta\u00e7\u00f5es, que aparece e reaparece. Ser\u00e1 o mesmo c\u00e3o?  Ou ser\u00e3o dez, cem, milhares de c\u00e3es corajosos, al\u00e9m de Loukanikos e Kanellos????????<br \/>\n<em>Eu gosto muito de cachorro vagabundo que anda sozinho no mundo sem coleira e sem patr\u00e3o, gosto de cachorro de sarjeta que quando escuta a corneta sai atr\u00e1s do batalh\u00e3o<\/em>&#8230;.  \u00e9 o pr\u00f3prio!!!<\/p>\n<p><object classid=\"clsid:d27cdb6e-ae6d-11cf-96b8-444553540000\" width=\"100%\" height=\"81\" codebase=\"http:\/\/download.macromedia.com\/pub\/shockwave\/cabs\/flash\/swflash.cab#version=6,0,40,0\"><param name=\"allowscriptaccess\" value=\"always\" \/><param name=\"src\" value=\"http:\/\/player.soundcloud.com\/player.swf?url=http%3A%2F%2Fsoundcloud.com%2Fimediata%2Fcarmen-miranda-cachorro-vira\" \/><embed type=\"application\/x-shockwave-flash\" width=\"100%\" height=\"81\" src=\"http:\/\/player.soundcloud.com\/player.swf?url=http%3A%2F%2Fsoundcloud.com%2Fimediata%2Fcarmen-miranda-cachorro-vira\" allowscriptaccess=\"always\"><\/embed><\/object> <span><a href=\"http:\/\/soundcloud.com\/imediata\/carmen-miranda-cachorro-vira\">Carmen Miranda &#8211; Cachorro Vira-Lata<\/a> by <a href=\"http:\/\/soundcloud.com\/imediata\">Imediata<\/a><\/span><\/p>\n<p><img decoding=\"async\" src=\"http:\/\/imediata.org\/imagens\/kanello.jpg\" alt=\"null\" \/><\/p>\n<p><object classid=\"clsid:d27cdb6e-ae6d-11cf-96b8-444553540000\" width=\"480\" height=\"385\" codebase=\"http:\/\/download.macromedia.com\/pub\/shockwave\/cabs\/flash\/swflash.cab#version=6,0,40,0\"><param name=\"allowFullScreen\" value=\"true\" \/><param name=\"allowscriptaccess\" value=\"always\" \/><param name=\"src\" value=\"http:\/\/www.youtube.com\/v\/cWk1-jMNR6k&amp;hl=en_US&amp;fs=1&amp;\" \/><param name=\"allowfullscreen\" value=\"true\" \/><embed type=\"application\/x-shockwave-flash\" width=\"480\" height=\"385\" src=\"http:\/\/www.youtube.com\/v\/cWk1-jMNR6k&amp;hl=en_US&amp;fs=1&amp;\" allowscriptaccess=\"always\" allowfullscreen=\"true\"><\/embed><\/object><\/p>\n<p><object classid=\"clsid:d27cdb6e-ae6d-11cf-96b8-444553540000\" width=\"480\" height=\"385\" codebase=\"http:\/\/download.macromedia.com\/pub\/shockwave\/cabs\/flash\/swflash.cab#version=6,0,40,0\"><param name=\"allowFullScreen\" value=\"true\" \/><param name=\"allowscriptaccess\" value=\"always\" \/><param name=\"src\" value=\"http:\/\/www.youtube.com\/v\/5FTaVgqSiIk&amp;hl=en_US&amp;fs=1&amp;\" \/><param name=\"allowfullscreen\" value=\"true\" \/><embed type=\"application\/x-shockwave-flash\" width=\"480\" height=\"385\" src=\"http:\/\/www.youtube.com\/v\/5FTaVgqSiIk&amp;hl=en_US&amp;fs=1&amp;\" allowscriptaccess=\"always\" allowfullscreen=\"true\"><\/embed><\/object><\/p>\n<p><strong>Boa viagem, companheira!<\/strong><\/p>\n<p>\u00c9 com profunda tristeza que comunicamos a morte da cachorra anarquista conhecida como &#8220;Papitsa\u201d, em Atenas. Ela faleceu de causas naturais, jovem, com apenas seis anos\u00a0de vida. Ela foi a fundadora do grupo canino conhecido como \u201cBlack Dogs\u201d. Era um c\u00e3o doce, brincalh\u00e3o, leal, companheiro&#8230;\u00a0cativou in\u00fameros anarquistas e n\u00e3o anarquistas. Na manh\u00e3 de s\u00e1bado, 8 de maio, a cadela morreu, dois meses depois de um dif\u00edcil parto. Ela teve tr\u00eas filhotes, Petras, Luben e Giant. \u201cPapitsa\u201d foi para as ruas, para os protestos cedo, em 2006, em Atenas e em outros lugares da Gr\u00e9cia. Em dezembro de 2008, quando o jovem libert\u00e1rio Alexis Grigouropoulos foi morto pela pol\u00edcia, ela esteve com companheiros humanos no meio das lutas sociais que sacudiram a Gr\u00e9cia. Neste \u00faltimo 5 de maio, dia da Greve Geral no pa\u00eds, ela conseguiu chegar \u00e0 entrada do Parlamento grego, com o aleg\u00f3rico cartaz na boca. \u201cPapitsa\u201d foi enterrada ao lado da Vov\u00f3 Mel (outro c\u00e3o libert\u00e1rio), com honras, e como &#8220;inimiga do Estado&#8221;.<\/p>\n<p>Galeria com homenagens e\u00a0v\u00e1rias imagens da \u201cPapitsa\u201d em momentos de lazer e a\u00e7\u00e3o:<br \/>\n<a href=\"http:\/\/athens.indymedia.org\/front.php3?lang=el&amp;article_id=1167968\">http:\/\/athens.indymedia.org\/front.php3?lang=el&amp;article_id=1167968<\/a><\/p>\n<p><img decoding=\"async\" src=\"http:\/\/imediata.org\/imagens\/papitsa.jpg\" alt=\"\" \/><br \/>\n<strong>ag\u00eancia de not\u00edcias anarquistas-ana<\/strong><\/p>\n<p><strong>Athenes Ma Ville \u2013 Melina Mercouri <\/strong><br \/>\n<object classid=\"clsid:d27cdb6e-ae6d-11cf-96b8-444553540000\" width=\"100%\" height=\"81\" codebase=\"http:\/\/download.macromedia.com\/pub\/shockwave\/cabs\/flash\/swflash.cab#version=6,0,40,0\"><param name=\"allowscriptaccess\" value=\"always\" \/><param name=\"src\" value=\"http:\/\/player.soundcloud.com\/player.swf?url=http%3A%2F%2Fsoundcloud.com%2Fimediata%2Fathenes-ma-ville-melina-mercouri\" \/><embed type=\"application\/x-shockwave-flash\" width=\"100%\" height=\"81\" src=\"http:\/\/player.soundcloud.com\/player.swf?url=http%3A%2F%2Fsoundcloud.com%2Fimediata%2Fathenes-ma-ville-melina-mercouri\" allowscriptaccess=\"always\"><\/embed><\/object> <span><a href=\"http:\/\/soundcloud.com\/imediata\/athenes-ma-ville-melina-mercouri\">Athenes Ma Ville &#8211; Melina Mercouri<\/a> by <a href=\"http:\/\/soundcloud.com\/imediata\">Imediata<\/a><\/span><\/p>\n<p><strong>PETI\u00c7\u00c3O:<\/strong><br \/>\n<strong>Le peuple grec n\u2019est pas responsable de la faillite de son Etat. C\u2019est pourtant lui que les march\u00e9s financiers et les institutions internationales veulent saigner \u00e0 blanc. Signez notre p\u00e9tition en ligne<\/strong>.<br \/>\n<a href=\"http:\/\/www.humanite.fr\/APPEL-Il-faut-aider-le-peuple-grec\">http:\/\/www.humanite.fr\/APPEL-Il-faut-aider-le-peuple-grec<\/a><\/p>\n<p><strong>REFER\u00caNCIAS:<\/strong><br \/>\n<a href=\"http:\/\/www.crimethinc.com\/blog\/2008\/12\/25\/how-to-organize-an-insurrection\/\">The Greek Riots\/Crimethinc: How to Organize an Insurrection<\/a><\/p>\n<p><strong>Ah, essa Gr\u00e9cia de Min(h\u2019)erva que o Deus-Mercado tanto enerva\u2026<\/p>\n<p>ou <\/p>\n<p>O que o mundo deve \u00e0 Gr\u00e9cia\u2026<\/p>\n<p>Artur d\u2019Amaru<\/strong><\/p>\n<p>Enunciados proped\u00eauticos proferidos diante do Olimpo das Bolsas de Desvalores <\/p>\n<p>Vamol\u00e1, Vamol\u00e1<br \/>\nUsur\u00e1rios usu\u00e1rios<br \/>\nDa economia de mercado<br \/>\nN\u00e3o joguem tempo fora<br \/>\nVamol\u00e1, fa\u00e7am seus lances<\/p>\n<p>Tudo bem que a V\u00eanus ex-de-Milo j\u00e1 jaz no Louvre faz tempo, e que a maioria dos m\u00e1rmores gregos j\u00e1 est\u00e3o disseminados, abarrotando os insaci\u00e1veis Museions do mundo\u2026 mas ainda sobram alguns\u2026(viu, P\u00e9ricles?)<br \/>\nQuem \u00e9 que n\u00e3o vai querer levar do Museu da Acr\u00f3pole nem que seja um le\u00e3o ou um cavalo da fase arcaica?<br \/>\nOu brindar-se com o luxo refinad\u00edssimo de um lote de delicad\u00edssimos camafeus de Atenas? Sem falar nas cer\u00e2micas, nos vasos, nas urnas\u2026<br \/>\nVejam que o estoque de Miron, de F\u00eddias e de Prax\u00edteles j\u00e1 t\u00e1 escasseando. Vamol\u00e1! Vamol\u00e1!<br \/>\nQuem n\u00e3o comprar rapidinho, n\u00e3o vai ter nem um fragmentozinho\u2026<br \/>\nN\u00e3o perca a chance de ser dono de um pedacinho-souvenir t\u00e3o diferencial do mundo cl\u00e1ssico\u2026<br \/>\nOferecido em suaves presta\u00e7\u00f5es para pagar a \u201cd\u00edvida\u201d que o povo grego contraiu com o mundo.<br \/>\nAfinal, faz tempo que eles est\u00e3o abusando da nossa boa vontade e da pec\u00fania de nossa honesta labuta. Quem mandou Homero ter perdido um tempo absurdo para escrever a Il\u00edada? E algu\u00e9m cobrou Her\u00f3doto por ter desperdi\u00e7ado tantos recursos em viagens pra c\u00e1 e pra l\u00e1, s\u00f3 para escrever a primeira grande narrativa hist\u00f3rica do mundo? E a devassa da Safo, ent\u00e3o, merece nossa compaix\u00e3o? Licurgo, Alcib\u00edades e Hip\u00f3crates que me desculpem, Arquimedes e Pit\u00e1goras, sinto muito, mas\u2026. Fala s\u00e9rio\u2026 Who cares? Agora sifu\u2026 junto com Zorba, o Grego\u2026<\/p>\n<p><object height=\"81\" width=\"100%\"><param name=\"movie\" value=\"http:\/\/player.soundcloud.com\/player.swf?url=http%3A%2F%2Fsoundcloud.com%2Fimediata%2F082-dalida-zorba-the-greek\"><\/param><param name=\"allowscriptaccess\" value=\"always\"><\/param><embed allowscriptaccess=\"always\" height=\"81\" src=\"http:\/\/player.soundcloud.com\/player.swf?url=http%3A%2F%2Fsoundcloud.com%2Fimediata%2F082-dalida-zorba-the-greek\" type=\"application\/x-shockwave-flash\" width=\"100%\"><\/embed><\/object>  <span><a href=\"http:\/\/soundcloud.com\/imediata\/082-dalida-zorba-the-greek\">082 &#8211; Dalida &#8211; Zorba The Greek<\/a> by <a href=\"http:\/\/soundcloud.com\/imediata\">Imediata<\/a><\/span> <\/p>\n<p>Vamol\u00e1, Vamol\u00e1<br \/>\nUsur\u00e1rios usu\u00e1rios<br \/>\nDa economia de mercado<br \/>\nAceita-se dinheiro, cheque ou cart\u00e3o.<br \/>\nN\u00e3o tem problema. E \u00e9 pr\u00e9-aprovado pelo FMI.<\/p>\n<p>E voc\u00ea, t\u00e3o \u201ccivilizado\u201d Museu Brit\u00e2nico do Saque e da Privataria\u2026<br \/>\npersistente coletor de artefatos e cong\u00eaneres confiscados, na marra, de antigas civiliza\u00e7\u00f5es\u2026<br \/>\nN\u00e3o seria a hora certa de se conceder mais alguns remarc\u00e1veis exemplares do patrim\u00f4nio alheio,<br \/>\nadquirindo, por exemplo, um peda\u00e7o mais substancial do Partenon?<br \/>\nPelo menos, assim, os Elgin Marbles e os cavalos ilicitamente pilhados n\u00e3o ficariam mais t\u00e3o solit\u00e1rios nas brumas de Albion\u2026<br \/>\nQue tal meia d\u00fazia de colunas da Acr\u00f3pole? Vejam que a compra em quantidade tem desconto!<br \/>\nTr\u00eas poderiam servir de adorno para o Hyde Park, alegrando assim os passeios da nossa t\u00e3o querida rainha, enquanto se relaxa contando suas libras e seus royalties e a\u00e7\u00f5es Shell e BP ao portador\u2026 E, obviamente, tr\u00eas teriam que ser destinadas como presente para os car\u00edssimos amigos da sede efetiva da Coroa, naquela t\u00e3o monstruosamente \u201cpseudo-neo-cl\u00e1ssica\u201d W.(D.)C\u2026.<br \/>\nComo voc\u00eas fazem com seus mercen\u00e1rios soldadinhos, enviados aos quatro cantos dos orientes s\u00f3 para n\u00e3o perderem o h\u00e1bito servil de capachear os cow-boys manda-chuva da coalis\u00e3o\u2026 (e haja f\u00f4lego para engolir o petr\u00f3leo que picha todo o Golfo do M\u00e9xico\u2026 Por sinal, quem \u00e9 mesmo que quando n\u00e3o caga na entrada, caga na sa\u00edda\u2026 n\u00e3o seriam os herdeiros da mega-narcotraficante-rainha-majestade Vit\u00f3ria\u2026?)<\/p>\n<p>Vamol\u00e1, Vamol\u00e1<br \/>\nUsur\u00e1rios usu\u00e1rios<br \/>\nDa economia de mercado<br \/>\nVenham dar uma sapecada<br \/>\nQualidade imbat\u00edvel a pre\u00e7os que nem Deus acredita!!!<\/p>\n<p>E o teatro de Epidauro? O teatro de Dodona? O Odeon de Her\u00f3des \u00c1tico? O Teatro de Delfos?<br \/>\nVejam s\u00f3 que lotes atraentes de pedras ex-ac\u00fasticas est\u00e3o \u00e0 disposi\u00e7\u00e3o\u2026 de nossos prezados e estimados clientes\u2026<br \/>\nAlgum tycoon de Hollywood vai quer\u00ea-los, pra usar num remake de Med\u00e9ia, a Rainha Assassina, estrelado por Lady Gaga e patrocinado pela Associa\u00e7\u00e3o Nacional a favor do porte de armas? Ou talvez algum mega-produtor da Broadway, cujo sonho em toda a vida sempre foi encenar o \u201cComplete Idiot\u2019s Guide to\u2026 \u00c9squilo\u201d, para ver se finalmente \u201cmatava a charada\u201d do sentido das trag\u00e9dias\u2026 mas se \u00c9squilo j\u00e1 estiver sendo cogitado por outro produtor, servem tamb\u00e9m Esopo, Arist\u00f3fanes, Eur\u00edpedes, Menandro, P\u00edndaro, Plutarco, Pol\u00edbio, S\u00f3focles, Te\u00f3gnis, Tuc\u00eddides, Xenofonte\u2026 tanto bastaria fazer uma sondagenzinha de mercado para ver que nome atrairia mais p\u00fablico, n\u00e3o \u00e9 mesmo? Ou aquele que tivesse mais sex-appeal e poder de capitalizar bilheterias.<br \/>\nE os deslumbrantes Cassinos da lavagem, rinsagem, dos passes e repasses de dinheiro? Ser\u00e1 que nenhuma casa de jogos de Las Vegas ou Atlantic City vai manifestar interesse? Ai, meu Alexandre, o Grande, que saco! Ser\u00e1 que nem os grandes deuses da Samotr\u00e1cia v\u00e3o ajudar a desencalhar essas pedras?<br \/>\nUsur\u00e1rios usu\u00e1rios, n\u00e3o deixem de arrematar esses sugestivos lotes de pedras! Voc\u00eas poder\u00e3o finalmente ostentar toda a tradi\u00e7\u00e3o do teatro ocidental esfregando essas pedras na cara da concorr\u00eancia\u2026<\/p>\n<p>Ou ser\u00e1 que a prenda sempre tem que acabar inevitavelmente abrilhantando os lan\u00e7amentos da Diz-Nei-L\u00e2ndia mesmo, e servir de pedestal pros avaros patos, imbecilizantes roedores e ruminantes turistas neoliberais? Olha que eles j\u00e1 se assenhoriaram o controle de todos os not\u00e1veis citados acima\u2026 (ou quase todos, sempre se acha mais um manuscrito in\u00e9dito sob as ru\u00ednas de uma civiliza\u00e7\u00e3o passada\u2026)<\/p>\n<p>Vamol\u00e1, Vamol\u00e1<br \/>\nUsur\u00e1rios usu\u00e1rios<br \/>\nDa economia de mercado<br \/>\nToda a sabedoria por uma pechincha!<br \/>\nAqui \u00e9 pra quem tem fome de oportunidade!!!<\/p>\n<p>E as Cari\u00e1tides, gente?<br \/>\nQuem \u00e9 que n\u00e3o vai querer lev\u00e1-las, a pre\u00e7o de eurobananas quase-dolarizadas?<br \/>\nS\u00e3o modestas e pr\u00e1ticas, pois podem ser desmembradas vorazmente sem qualquer problema. J\u00e1 vem em kit de uso f\u00e1cil com cinzel e martelo!!!<br \/>\nUma em cada continente\u2026 tamanho \u00fanico\u2026 One size fits all\u2026<br \/>\nQuem se habilita? Quem se habilta? Quem vai levar as Cari\u00e1tides?<br \/>\nGap? Ralph Laureen? Benetton? Armani Exchange? Calvin Klein? Vamonessa, minha gente, vamonessa! Ningu\u00e9m se habilita?<br \/>\nV\u00e3o querer levar uma s\u00f3 ou arrematar o lote todo? Pensem nelas como acess\u00f3rios para as vitrines de suas lojas flagship!!! Como fundo de pano para as obras-primas do design que voc\u00eas mandam criar na It\u00e1lia, reproduzir na China e distribuir globalmente!<br \/>\nBanana Republic\u2026 vai perder esse neg\u00f3cio da China ou vai perder esse neg\u00f3cio pra China? Olhem que a China quer se helenizar, hein?!?!<br \/>\nPatrocinem a exporta\u00e7\u00e3o das Cari\u00e1tides!!! Permitam que elas viagem pelo mundo maravilhoso das compras ocidentais! J\u00e1 pensou uma delas aquilatando a entrada de um Shopping? Assim, com um fundo de moldura dourada, cercada de veludo vermelho, rodeada de Papai No\u00e9is, jingle-bells e veadinhos puxadores? Ou ser\u00e1 que v\u00e3o acabar todas elas na Shiseido de T\u00f3quio, como suporte para o estojo de cosm\u00e9ticos ou na pra\u00e7a de algum estacionamento de Shangai, sinalizando e entrada e a sa\u00edda do \u201cteatro de consumo\u201d?<br \/>\nOu ent\u00e3o pensem a como elas poderiam dar um toque cl\u00e1ssico a um dos tantos muros em obras \u2013 como aquele da fronteira que barra os imigrantes do M\u00e9xico aos EUA, ou o do muro da apartheidiza\u00e7\u00e3o na Palestina?\u2026. Cari\u00e1tides incorporadas em parceria\u2026e dedut\u00edveis do imposto de renda\u2026 transformando esses cercados em dignas e verdadeiras atra\u00e7\u00f5es culturais e tur\u00edsticas\u2026 ningu\u00e9m mais reclamaria, se a esses muros se agregasse uma Cari\u00e1tide\u2026<\/p>\n<p>Vamol\u00e1, Vamol\u00e1<br \/>\nUsur\u00e1rios usu\u00e1rios<br \/>\nDa economia de mercado<br \/>\nJ\u00e1 pensaram nisso? As belezuras do ocidente ao alcance de suas m\u00e3os?!<br \/>\nAgarrem as mercadorias!!! N\u00e3o deixem escapar!!!<br \/>\nQuem se habilita? Quem se habilita?<\/p>\n<p>E voc\u00eas, Sarko-Merkel &#038;Companhia, cartas d\u00edspares de baralhos t\u00e3o demais manuseados e manipulados?<br \/>\nQuem vai se assegurar o trademark Europa? Agora com upgrade otan-tonificado\u2026<br \/>\nSim, porque afinal sem a Hellas o velho continente n\u00e3o teria nem nome\u2026<br \/>\nQuem falou que nome n\u00e3o est\u00e1 \u00e0 venda? Claro que t\u00e1. T\u00e1 tudo \u00e0 venda. Nome \u00e9 tudo. Brands \u00fcber alles!!! Brands for sale!!!<br \/>\nE nosso pr\u00f3ximo lote de pe\u00e7a \u00fanica \u00e9 a pr\u00f3pria EUROPA\u2026 lote nobre que j\u00e1 vem com manual de uso, disclaimer e tudo, redigido por, imaginem s\u00f3\u2026 attorneys de Wall Street!!! D\u00e1 pra perder? S\u00f3 pra quem j\u00e1 perdeu a cabe\u00e7a!<\/p>\n<p>Vamol\u00e1, Vamol\u00e1<br \/>\nUsur\u00e1rios usu\u00e1rios<br \/>\nDa economia de mercado<br \/>\nNem uma echarpezinha pra V\u00eanus de Milo que padece com o frio do Louvre?<br \/>\nNem um guarda-chuvinha pro Leoconte, enroscado na Bas\u00edlica de S\u00e3o Pedro?<\/p>\n<p>E, falando em V\u00e1-que-te-encano, por que n\u00e3o consolar a Benedita, arrematando pro ocidente todos os modelitos greco-ortodoxos mais ousados, requintados e descolados? A figura t\u00e1 precisando de um realce no guarda-roupa, eclesiasticamente falando. De um ar um pouco mais\u2026 patriarcal\u2026 E cairiam t\u00e3o bem com as sapatilhas Fendi. Ou seriam Prada? Financistas do Senhor\u2026 que tal investir ainda mais no visual do Infal\u00edvel, incorporando \u00e0 sua \u201cparure\u201d sutis toques orientalistas? Vejam que junto com os adere\u00e7os dos p\u00e1rocos dos templos do leste vem de brinde a escultura de um belo kouros ef\u00e9bico nu, para castamente inspirar suas divas-santidades nesse momento de tanto vilip\u00eandio contra proeminentes ped\u00f3filos e om\u00f3fobos prelados\u2026 Pode se revelar de grande utilidade\u2026<br \/>\nVamonessa, ningu\u00e9m quer dar um alento, um sopro de conforto a tanto padecimento sacerdotal depois de tanta cal\u00fania?<\/p>\n<p>Vamol\u00e1, Vamol\u00e1<br \/>\nUsur\u00e1rios usu\u00e1rios<br \/>\nDa economia de mercado<br \/>\nN\u00e3o sejam insens\u00edveis! Sejam sensatos!<br \/>\nApliquem seus recursos em obriga\u00e7\u00f5es que valorizam!!!<br \/>\nO mercado de futuros n\u00e3o perdoa quem n\u00e3o subjuga o passado!!!<\/p>\n<p>Mas, voltando aos brands, ei, Microsoft, n\u00e3o chegou a hora de se garantir<br \/>\ntodos os prefixos, sufixos e ra\u00edzes daquela l\u00edngua cl\u00e1ssica, agora na hora da xepa, para batizar futuros gadgets e softwares inspirados na orat\u00f3ria que pariu a filosofia?<br \/>\nQue tal P\u00f3lis? Que tal \u00c1gora? Que tal \u201cFilia\u201d? que tal \u201cFobia\u201d? Que tal Cosmos? Cosmosoft\u2026 MicroCosm\u2026CosmoSoft\u2026 Que tal\u2026 Apocalipse?<br \/>\nAproveitem pois ainda est\u00e3o \u00e0 venda conjuntos inteiros de fonemas e morfemas para serem carimbados com os s\u00edmbolos da usurpa\u00e7\u00e3o\u2026 \u00a9, \u00ae, \u2122 e assim vai. E tudo por uma barganha.<br \/>\nN\u00e9, cibern\u00e9ticos\u00a9, \u00ae, \u2122? (desculpem, mas este termo j\u00e1 foi tomado\u2026).<br \/>\nN\u00e3o percam, pois em breve, as vendas se far\u00e3o s\u00f3 por s\u00edlabas n\u00e3o combin\u00e1veis. A demanda \u00e9 muito grande\u2026<br \/>\nGente microsoftada, v\u00e3o bobear e deixar os macintoshianos arrematarem o lote?<\/p>\n<p>Vamol\u00e1, Vamol\u00e1<br \/>\nUsur\u00e1rios usu\u00e1rios<br \/>\nDa economia de mercado<br \/>\nV\u00e3o deixar as bacantes sem birita?<br \/>\nE os Moustakis sem som?<br \/>\nFa\u00e7am a melhor das caridades remunerativas e n\u00e3o se arrepender\u00e3o!!!<\/p>\n<p>E voc\u00eas, Monsanto, Cargyll, Sygenta e outras filhas de Frankstein?<br \/>\nT\u00e3o esperando o qu\u00ea para transgenizar todo o azeite e as azeitonas monopolisticamente? Que tal uma patente sobre o queijo Feta? Interessa?<br \/>\nOu por que n\u00e3o levar um copyright da Teramosalata OGM?<br \/>\nIgualmente, \u00e9 uma ocasi\u00e3o \u00fanica para exclusivizar todos os direitos ao Moussaca\u2026<br \/>\nN\u00e3o vacilem, pois tem quem j\u00e1 t\u00e1 de olho no MacMoussaka\u2026<br \/>\nOlha o lance, olha o lance\u2026<\/p>\n<p>Vamol\u00e1, Vamol\u00e1<br \/>\nUsu\u00e1rios usur\u00e1rios<br \/>\nDa economia de mercado<br \/>\nComprem agora e paguem depois<br \/>\nS\u00f3 jurem pelos juros pois, afinal,<br \/>\nquem n\u00e3o arrisca\u2026.<br \/>\nn\u00e3o ganha a Gr\u00e9cia de isca\u2026<\/p>\n<p>E voc\u00eas, autoridades constitu\u00eddas dos estados corporativos da comunidade internacional\u2026<br \/>\nV\u00e3o ficar timidamente calados? Fa\u00e7am seus lances federais capitais\u2026<br \/>\nOlhem que, se n\u00e3o abolirem de vez com a obsoleta no\u00e7\u00e3o de dom\u00ednio p\u00fablico e n\u00e3o comprarem todos os direitos exclusivos e integrais dos Banquetes e escritos de Plat\u00e3o, toda a filosofia de S\u00f3crates, toda a ret\u00f3rica de Arist\u00f3teles\u2026 isso para n\u00e3o falar dos racioc\u00ednios elaborados de Anax\u00e1goras, Anaximandro, Anax\u00edmenes, Ant\u00edstenes, Dem\u00f3crito, Di\u00f3genes, Epicuro, Emp\u00e9docles, Her\u00e1clito, Leucipo, G\u00f3rgias, Parm\u00e9nides, Prot\u00e1goras, Tales, Zen\u00e3o, Hip\u00f3crates, Asp\u00e1sia, s\u00f3 para come\u00e7ar\u2026 e se n\u00e3o constru\u00edrem bunkers<br \/>\npara trancafi\u00e1-los seguros, inoperantes e moribundos no arquivo morto de suas burocracias governamentais\u2026<br \/>\nas id\u00e9ias contidas nas obras dos acima especificados poder\u00e3o ressurgir e contaminar virulentas todo o google view desse mundo j\u00e1 formatado e conformizado segundo seus mais lucrativos interesses\u2026<br \/>\nSejam mais ambiciosos e ardilosos\u2026 invistam em derivativos de pseudofilosofia que rendem dividendos. Mas pra isso, voc\u00eas t\u00eam que ter posse integral dos originais e torn\u00e1-los, subsequentemente, completamente inacess\u00edveis, in\u00f3cuos e inativos.<br \/>\nPor que n\u00e3o alcan\u00e7ar um modesto recorde e adquirir a pr\u00f3pria Democracia, com todos os direitos exclusivos de propriedade\u2026? Observem que nesse lote, est\u00e3o imbutidos todos os silogismos e sofismas pertinentes\u2026 e qualquer conex\u00e3o de id\u00e9ias alheias ao produto patenteado e registrado ser\u00e1 automaticamente considerada ofensa de terror \u00e0 paz, \u00e0 harmonia e ao bem-estar do emplastro de necrofilia e fal\u00e1cias que \u00e9 a chamada \u201ccomunidade internacional\u201d vigente. <\/p>\n<p>N\u00c3O RESTA QUALQUER D\u00daVIDA.<br \/>\nDA INGRATA GR\u00c9CIA, AO MUNDO S\u00d3 RESTA<br \/>\nCOBRAR SUA VERGONHOSA D\u00cdVIDA!!!<\/p>\n<p>Vamol\u00e1, Vamol\u00e1<br \/>\nVamonessa, Vamonessa<br \/>\nUsur\u00e1rios usu\u00e1rios<br \/>\nDa economia de mercado<br \/>\nAlgu\u00e9m mais se habilita?<br \/>\nAlgu\u00e9m mais se habilita?<br \/>\nDou uma, dou duas\u2026.<br \/>\nN\u00e3o percam esse \u00fanico<br \/>\nOffer-t\u00e3o!!!<br \/>\nVejam que vou bater o martelo!!!<\/p>\n","protected":false},"excerpt":{"rendered":"<p>GR\u00c9CIA SE LEVANTA PARA ACOMPANHAR OS DESDOBRAMENTOS: AFTER THE GREEK RIOTS INDYMEDIA ATHENS FOTOS e V\u00cdDEOS INDYMEDIA ATHENS SOCIAL WAR IN GREECE LIBCOM.ORG ACT FOR FREEDON NOW THIS IS OUR JOB TV GREGA O C\u00c3O REBELDE TEXTOS E CONTEXTOS: >>O Grotesco Sistema Financeiro Global: o caso da Gr\u00e9cia, por John Pilger, Global Research , May [&hellip;]<\/p>\n","protected":false},"author":1,"featured_media":0,"parent":0,"menu_order":0,"comment_status":"open","ping_status":"open","template":"","meta":{"footnotes":""},"class_list":["post-111","page","type-page","status-publish","hentry"],"_links":{"self":[{"href":"https:\/\/imediata.org\/index.php?rest_route=\/wp\/v2\/pages\/111","targetHints":{"allow":["GET"]}}],"collection":[{"href":"https:\/\/imediata.org\/index.php?rest_route=\/wp\/v2\/pages"}],"about":[{"href":"https:\/\/imediata.org\/index.php?rest_route=\/wp\/v2\/types\/page"}],"author":[{"embeddable":true,"href":"https:\/\/imediata.org\/index.php?rest_route=\/wp\/v2\/users\/1"}],"replies":[{"embeddable":true,"href":"https:\/\/imediata.org\/index.php?rest_route=%2Fwp%2Fv2%2Fcomments&post=111"}],"version-history":[{"count":106,"href":"https:\/\/imediata.org\/index.php?rest_route=\/wp\/v2\/pages\/111\/revisions"}],"predecessor-version":[{"id":4319,"href":"https:\/\/imediata.org\/index.php?rest_route=\/wp\/v2\/pages\/111\/revisions\/4319"}],"wp:attachment":[{"href":"https:\/\/imediata.org\/index.php?rest_route=%2Fwp%2Fv2%2Fmedia&parent=111"}],"curies":[{"name":"wp","href":"https:\/\/api.w.org\/{rel}","templated":true}]}}